{"id":816,"date":"2025-03-04T11:08:03","date_gmt":"2025-03-04T09:08:03","guid":{"rendered":"https:\/\/lentuur.ee\/?page_id=816"},"modified":"2025-03-11T09:43:16","modified_gmt":"2025-03-11T07:43:16","slug":"bussireisid","status":"publish","type":"page","link":"https:\/\/lentuur.ee\/et\/bussireisid\/","title":{"rendered":"Bussireisid"},"content":{"rendered":"<p>[et_pb_section fb_built=&#8221;1&#8243; _builder_version=&#8221;4.27.3&#8243; _module_preset=&#8221;default&#8221; custom_padding=&#8221;0px||||false|false&#8221; global_colors_info=&#8221;{}&#8221;][et_pb_row _builder_version=&#8221;4.27.3&#8243; _module_preset=&#8221;default&#8221; global_colors_info=&#8221;{}&#8221;][et_pb_column type=&#8221;4_4&#8243; _builder_version=&#8221;4.27.3&#8243; _module_preset=&#8221;default&#8221; global_colors_info=&#8221;{}&#8221;][et_pb_text _builder_version=&#8221;4.27.4&#8243; _module_preset=&#8221;default&#8221; text_orientation=&#8221;center&#8221; global_colors_info=&#8221;{}&#8221;]<\/p>\n<h1>Bussireisid<\/h1>\n<p>Avastage uusi paiku meie mugavate bussireisidega. Oleme v\u00e4lja t\u00f6\u00f6tanud unikaalsed marsruudid, mis \u00fchendavad elamusterohked kogemused, mugavad s\u00f5idud ja tiheda programmi. Iga reis on detailideni l\u00e4bi m\u00f5eldud, et muuta teie reis meeldej\u00e4\u00e4vaks.[\/et_pb_text][\/et_pb_column][\/et_pb_row][et_pb_row _builder_version=&#8221;4.27.4&#8243; _module_preset=&#8221;default&#8221; hover_enabled=&#8221;0&#8243; global_colors_info=&#8221;{}&#8221; custom_padding=&#8221;0px||||false|false&#8221; sticky_enabled=&#8221;0&#8243;][et_pb_column type=&#8221;4_4&#8243; _builder_version=&#8221;4.27.3&#8243; _module_preset=&#8221;default&#8221; global_colors_info=&#8221;{}&#8221;][et_pb_text module_class=&#8221;all-grid&#8221; _builder_version=&#8221;4.27.4&#8243; _module_preset=&#8221;default&#8221; global_colors_info=&#8221;{}&#8221;]<\/p>\n<div class=\"custom-blog-grid\"><div class=\"custom-blog-item\"><div class=\"custom-blog-image\"><img loading=\"lazy\" decoding=\"async\" width=\"959\" height=\"580\" src=\"https:\/\/lentuur.ee\/wp-content\/uploads\/2026\/01\/koltsu-web.jpg\" class=\"attachment-post-thumbnail size-post-thumbnail wp-post-image\" alt=\"\" srcset=\"https:\/\/lentuur.ee\/wp-content\/uploads\/2026\/01\/koltsu-web.jpg 959w, https:\/\/lentuur.ee\/wp-content\/uploads\/2026\/01\/koltsu-web-480x290.jpg 480w\" sizes=\"(min-width: 0px) and (max-width: 480px) 480px, (min-width: 481px) 959px, 100vw\" title=\"\"><\/div><h4 class=\"custom-blog-title\"><a href=\"https:\/\/lentuur.ee\/et\/kaugel-ja-lahedal-laanerannik\/\">Kaugel ja l\u00e4hedal: L\u00e4\u00e4nerannik!<\/a><\/h4><div class=\"custom-blog-details\"><p class=\"custom-blog-date\"><p>01.05.2026<\/p>\n<\/p><p class=\"custom-blog-category\">Bussireisid<\/p><div class=\"custom-blog-excerpt\">49 \u20ac<\/div><\/div><a href=\"https:\/\/lentuur.ee\/et\/kaugel-ja-lahedal-laanerannik\/\" class=\"custom-blog-button\">L\u00e4hemalt<\/a><\/div><div class=\"custom-blog-item\"><div class=\"custom-blog-image\"><img loading=\"lazy\" decoding=\"async\" width=\"1280\" height=\"960\" src=\"https:\/\/lentuur.ee\/wp-content\/uploads\/2026\/01\/kirna.jpeg\" class=\"attachment-post-thumbnail size-post-thumbnail wp-post-image\" alt=\"\" srcset=\"https:\/\/lentuur.ee\/wp-content\/uploads\/2026\/01\/kirna.jpeg 1280w, https:\/\/lentuur.ee\/wp-content\/uploads\/2026\/01\/kirna-980x735.jpeg 980w, https:\/\/lentuur.ee\/wp-content\/uploads\/2026\/01\/kirna-480x360.jpeg 480w\" sizes=\"(min-width: 0px) and (max-width: 480px) 480px, (min-width: 481px) and (max-width: 980px) 980px, (min-width: 981px) 1280px, 100vw\" title=\"\"><\/div><h4 class=\"custom-blog-title\"><a href=\"https:\/\/lentuur.ee\/et\/tulpide-meri-kirna-moisas-ja-lillelaat-turil\/\">Tulpide meri Kirna m\u00f5isas ja lillelaat T\u00fcril!<\/a><\/h4><div class=\"custom-blog-details\"><p class=\"custom-blog-date\"><p>16.05.2026<\/p>\n<\/p><p class=\"custom-blog-category\">Aktuaalsed<\/p><div class=\"custom-blog-excerpt\">49 \u20ac<\/div><\/div><a href=\"https:\/\/lentuur.ee\/et\/tulpide-meri-kirna-moisas-ja-lillelaat-turil\/\" class=\"custom-blog-button\">L\u00e4hemalt<\/a><\/div><div class=\"custom-blog-item\"><div class=\"custom-blog-image\"><img loading=\"lazy\" decoding=\"async\" width=\"800\" height=\"535\" src=\"https:\/\/lentuur.ee\/wp-content\/uploads\/2026\/01\/wile-farmi-alpakad-4v.jpg\" class=\"attachment-post-thumbnail size-post-thumbnail wp-post-image\" alt=\"\" srcset=\"https:\/\/lentuur.ee\/wp-content\/uploads\/2026\/01\/wile-farmi-alpakad-4v.jpg 800w, https:\/\/lentuur.ee\/wp-content\/uploads\/2026\/01\/wile-farmi-alpakad-4v-480x321.jpg 480w\" sizes=\"(min-width: 0px) and (max-width: 480px) 480px, (min-width: 481px) 800px, 100vw\" title=\"\"><\/div><h4 class=\"custom-blog-title\"><a href=\"https:\/\/lentuur.ee\/et\/kevadine-tulpide-valss-kirnas\/\">Kevadine tulpide valss Kirnas!<\/a><\/h4><div class=\"custom-blog-details\"><p class=\"custom-blog-date\"><p>23.05.2026<\/p>\n<\/p><p class=\"custom-blog-category\">Bussireisid<\/p><div class=\"custom-blog-excerpt\">49 \u20ac<\/div><\/div><a href=\"https:\/\/lentuur.ee\/et\/kevadine-tulpide-valss-kirnas\/\" class=\"custom-blog-button\">L\u00e4hemalt<\/a><\/div><div class=\"custom-blog-item\"><div class=\"custom-blog-image\"><img loading=\"lazy\" decoding=\"async\" width=\"792\" height=\"529\" src=\"https:\/\/lentuur.ee\/wp-content\/uploads\/2026\/01\/lati-4.jpg\" class=\"attachment-post-thumbnail size-post-thumbnail wp-post-image\" alt=\"\" srcset=\"https:\/\/lentuur.ee\/wp-content\/uploads\/2026\/01\/lati-4.jpg 792w, https:\/\/lentuur.ee\/wp-content\/uploads\/2026\/01\/lati-4-480x321.jpg 480w\" sizes=\"(min-width: 0px) and (max-width: 480px) 480px, (min-width: 481px) 792px, 100vw\" title=\"\"><\/div><h4 class=\"custom-blog-title\"><a href=\"https:\/\/lentuur.ee\/et\/lati-lillelohn\/\">L\u00e4ti lillel\u00f5hn!<\/a><\/h4><div class=\"custom-blog-details\"><p class=\"custom-blog-date\"><p>30.05 &#8211; 31.05<\/p>\n<\/p><p class=\"custom-blog-category\">Bussireisid<\/p><div class=\"custom-blog-excerpt\">149 \u20ac<\/div><\/div><a href=\"https:\/\/lentuur.ee\/et\/lati-lillelohn\/\" class=\"custom-blog-button\">L\u00e4hemalt<\/a><\/div><div class=\"custom-blog-item\"><div class=\"custom-blog-image\"><img loading=\"lazy\" decoding=\"async\" width=\"1183\" height=\"887\" src=\"https:\/\/lentuur.ee\/wp-content\/uploads\/2026\/01\/istock-druskininkai.jpg\" class=\"attachment-post-thumbnail size-post-thumbnail wp-post-image\" alt=\"\" srcset=\"https:\/\/lentuur.ee\/wp-content\/uploads\/2026\/01\/istock-druskininkai.jpg 1183w, https:\/\/lentuur.ee\/wp-content\/uploads\/2026\/01\/istock-druskininkai-980x735.jpg 980w, https:\/\/lentuur.ee\/wp-content\/uploads\/2026\/01\/istock-druskininkai-480x360.jpg 480w\" sizes=\"(min-width: 0px) and (max-width: 480px) 480px, (min-width: 481px) and (max-width: 980px) 980px, (min-width: 981px) 1183px, 100vw\" title=\"\"><\/div><h4 class=\"custom-blog-title\"><a href=\"https:\/\/lentuur.ee\/et\/leedu-rannak-kaunas-druskininkai-vilnius\/\">Leedu r\u00e4nnak: Kaunas \u2014 Druskininkai \u2014 Vilnius!<\/a><\/h4><div class=\"custom-blog-details\"><p class=\"custom-blog-date\"><p>20.06 &#8211; 23.06<\/p>\n<\/p><p class=\"custom-blog-category\">Aktuaalsed<\/p><div class=\"custom-blog-excerpt\">299 \u20ac<\/div><\/div><a href=\"https:\/\/lentuur.ee\/et\/leedu-rannak-kaunas-druskininkai-vilnius\/\" class=\"custom-blog-button\">L\u00e4hemalt<\/a><\/div><div class=\"custom-blog-item\"><div class=\"custom-blog-image\"><img loading=\"lazy\" decoding=\"async\" width=\"1300\" height=\"867\" src=\"https:\/\/lentuur.ee\/wp-content\/uploads\/2025\/09\/norway-istock-e1761296887792.jpg\" class=\"attachment-post-thumbnail size-post-thumbnail wp-post-image\" alt=\"\" srcset=\"https:\/\/lentuur.ee\/wp-content\/uploads\/2025\/09\/norway-istock-e1761296887792.jpg 1300w, https:\/\/lentuur.ee\/wp-content\/uploads\/2025\/09\/norway-istock-1280x853.jpg 1280w, https:\/\/lentuur.ee\/wp-content\/uploads\/2025\/09\/norway-istock-980x653.jpg 980w, https:\/\/lentuur.ee\/wp-content\/uploads\/2025\/09\/norway-istock-480x320.jpg 480w\" sizes=\"(min-width: 0px) and (max-width: 480px) 480px, (min-width: 481px) and (max-width: 980px) 980px, (min-width: 981px) and (max-width: 1280px) 1280px, (min-width: 1281px) 1300px, 100vw\" title=\"\"><\/div><h4 class=\"custom-blog-title\"><a href=\"https:\/\/lentuur.ee\/et\/norra-fjordide-kuningriik-2\/\">Norra \u2013 fjordide kuningriik!<\/a><\/h4><div class=\"custom-blog-details\"><p class=\"custom-blog-date\"><p>21.06 \u2014 27.06<\/p>\n<\/p><p class=\"custom-blog-category\">Bussireisid<\/p><div class=\"custom-blog-excerpt\">699 \u20ac<\/div><\/div><a href=\"https:\/\/lentuur.ee\/et\/norra-fjordide-kuningriik-2\/\" class=\"custom-blog-button\">L\u00e4hemalt<\/a><\/div><div class=\"custom-blog-item\"><div class=\"custom-blog-image\"><img loading=\"lazy\" decoding=\"async\" width=\"1200\" height=\"800\" src=\"https:\/\/lentuur.ee\/wp-content\/uploads\/2026\/01\/pexels-dubtastic-13990932.jpg\" class=\"attachment-post-thumbnail size-post-thumbnail wp-post-image\" alt=\"\" srcset=\"https:\/\/lentuur.ee\/wp-content\/uploads\/2026\/01\/pexels-dubtastic-13990932.jpg 1200w, https:\/\/lentuur.ee\/wp-content\/uploads\/2026\/01\/pexels-dubtastic-13990932-980x653.jpg 980w, https:\/\/lentuur.ee\/wp-content\/uploads\/2026\/01\/pexels-dubtastic-13990932-480x320.jpg 480w\" sizes=\"(min-width: 0px) and (max-width: 480px) 480px, (min-width: 481px) and (max-width: 980px) 980px, (min-width: 981px) 1200px, 100vw\" title=\"\"><\/div><h4 class=\"custom-blog-title\"><a href=\"https:\/\/lentuur.ee\/et\/jaanipaeva-pidu-toila-spas\/\">Jaanip\u00e4eva pidu Toila Spas!<\/a><\/h4><div class=\"custom-blog-details\"><p class=\"custom-blog-date\"><p>23.06 &#8211; 24.06<\/p>\n<\/p><p class=\"custom-blog-category\">Bussireisid<\/p><div class=\"custom-blog-excerpt\">149 \u20ac<\/div><\/div><a href=\"https:\/\/lentuur.ee\/et\/jaanipaeva-pidu-toila-spas\/\" class=\"custom-blog-button\">L\u00e4hemalt<\/a><\/div><div class=\"custom-blog-item\"><div class=\"custom-blog-image\"><img loading=\"lazy\" decoding=\"async\" width=\"1183\" height=\"887\" src=\"https:\/\/lentuur.ee\/wp-content\/uploads\/2026\/01\/istock-saaremaa.jpg\" class=\"attachment-post-thumbnail size-post-thumbnail wp-post-image\" alt=\"\" srcset=\"https:\/\/lentuur.ee\/wp-content\/uploads\/2026\/01\/istock-saaremaa.jpg 1183w, https:\/\/lentuur.ee\/wp-content\/uploads\/2026\/01\/istock-saaremaa-980x735.jpg 980w, https:\/\/lentuur.ee\/wp-content\/uploads\/2026\/01\/istock-saaremaa-480x360.jpg 480w\" sizes=\"(min-width: 0px) and (max-width: 480px) 480px, (min-width: 481px) and (max-width: 980px) 980px, (min-width: 981px) 1183px, 100vw\" title=\"\"><\/div><h4 class=\"custom-blog-title\"><a href=\"https:\/\/lentuur.ee\/et\/saaremaa-ja-muhu-saarestik-ning-pojengifestival\/\">Saaremaa ja Muhu saarestik ning pojengifestival!<\/a><\/h4><div class=\"custom-blog-details\"><p class=\"custom-blog-date\"><p>23.06 &#8211; 24.06<\/p>\n<\/p><p class=\"custom-blog-category\">Bussireisid<\/p><div class=\"custom-blog-excerpt\">69 \u20ac<\/div><\/div><a href=\"https:\/\/lentuur.ee\/et\/saaremaa-ja-muhu-saarestik-ning-pojengifestival\/\" class=\"custom-blog-button\">L\u00e4hemalt<\/a><\/div><div class=\"custom-blog-item\"><div class=\"custom-blog-image\"><img loading=\"lazy\" decoding=\"async\" width=\"2560\" height=\"1707\" src=\"https:\/\/lentuur.ee\/wp-content\/uploads\/2026\/02\/pexels-pixabay-159445-scaled-e1770628381283.jpg\" class=\"attachment-post-thumbnail size-post-thumbnail wp-post-image\" alt=\"\" title=\"\"><\/div><h4 class=\"custom-blog-title\"><a href=\"https:\/\/lentuur.ee\/et\/elava-hobeda-kunst-ja-lavendel-latis\/\">Elava h\u00f5beda kunst ja lavendel L\u00e4tis!<\/a><\/h4><div class=\"custom-blog-details\"><p class=\"custom-blog-date\"><p>11.07 &#8211; 12.07<\/p>\n<\/p><p class=\"custom-blog-category\">Bussireisid<\/p><div class=\"custom-blog-excerpt\">159 \u20ac<\/div><\/div><a href=\"https:\/\/lentuur.ee\/et\/elava-hobeda-kunst-ja-lavendel-latis\/\" class=\"custom-blog-button\">L\u00e4hemalt<\/a><\/div><div class=\"custom-blog-item\"><div class=\"custom-blog-image\"><img loading=\"lazy\" decoding=\"async\" width=\"2560\" height=\"1707\" src=\"https:\/\/lentuur.ee\/wp-content\/uploads\/2026\/01\/pexels-lavanda-scaled-e1769768987453.jpg\" class=\"attachment-post-thumbnail size-post-thumbnail wp-post-image\" alt=\"\" title=\"\"><\/div><h4 class=\"custom-blog-title\"><a href=\"https:\/\/lentuur.ee\/et\/lavendel-hiiumaal-provansi-maitse-eestis\/\">Lavendel Hiiumaal \u2014 Provansi maitse Eestis!<\/a><\/h4><div class=\"custom-blog-details\"><p class=\"custom-blog-date\"><p>18.07.2026<\/p>\n<\/p><p class=\"custom-blog-category\">Bussireisid<\/p><div class=\"custom-blog-excerpt\">alates 59 \u20ac<\/div><\/div><a href=\"https:\/\/lentuur.ee\/et\/lavendel-hiiumaal-provansi-maitse-eestis\/\" class=\"custom-blog-button\">L\u00e4hemalt<\/a><\/div><div class=\"custom-blog-item\"><div class=\"custom-blog-image\"><img loading=\"lazy\" decoding=\"async\" width=\"1300\" height=\"867\" src=\"https:\/\/lentuur.ee\/wp-content\/uploads\/2025\/11\/pexels-julia-volk-5273641.jpg\" class=\"attachment-post-thumbnail size-post-thumbnail wp-post-image\" alt=\"\" srcset=\"https:\/\/lentuur.ee\/wp-content\/uploads\/2025\/11\/pexels-julia-volk-5273641.jpg 1300w, https:\/\/lentuur.ee\/wp-content\/uploads\/2025\/11\/pexels-julia-volk-5273641-1280x854.jpg 1280w, https:\/\/lentuur.ee\/wp-content\/uploads\/2025\/11\/pexels-julia-volk-5273641-980x654.jpg 980w, https:\/\/lentuur.ee\/wp-content\/uploads\/2025\/11\/pexels-julia-volk-5273641-480x320.jpg 480w\" sizes=\"(min-width: 0px) and (max-width: 480px) 480px, (min-width: 481px) and (max-width: 980px) 980px, (min-width: 981px) and (max-width: 1280px) 1280px, (min-width: 1281px) 1300px, 100vw\" title=\"\"><\/div><h4 class=\"custom-blog-title\"><a href=\"https:\/\/lentuur.ee\/et\/poola-rannikuparlid\/\">Poola rannikup\u00e4rlid!<\/a><\/h4><div class=\"custom-blog-details\"><p class=\"custom-blog-date\"><p>18.07 &#8211; 22.07<\/p>\n<\/p><p class=\"custom-blog-category\">Bussireisid<\/p><div class=\"custom-blog-excerpt\">499 \u20ac<\/div><\/div><a href=\"https:\/\/lentuur.ee\/et\/poola-rannikuparlid\/\" class=\"custom-blog-button\">L\u00e4hemalt<\/a><\/div><div class=\"custom-blog-item\"><div class=\"custom-blog-image\"><img loading=\"lazy\" decoding=\"async\" width=\"1300\" height=\"867\" src=\"https:\/\/lentuur.ee\/wp-content\/uploads\/2025\/09\/norway-istock-e1761296887792.jpg\" class=\"attachment-post-thumbnail size-post-thumbnail wp-post-image\" alt=\"\" srcset=\"https:\/\/lentuur.ee\/wp-content\/uploads\/2025\/09\/norway-istock-e1761296887792.jpg 1300w, https:\/\/lentuur.ee\/wp-content\/uploads\/2025\/09\/norway-istock-1280x853.jpg 1280w, https:\/\/lentuur.ee\/wp-content\/uploads\/2025\/09\/norway-istock-980x653.jpg 980w, https:\/\/lentuur.ee\/wp-content\/uploads\/2025\/09\/norway-istock-480x320.jpg 480w\" sizes=\"(min-width: 0px) and (max-width: 480px) 480px, (min-width: 481px) and (max-width: 980px) 980px, (min-width: 981px) and (max-width: 1280px) 1280px, (min-width: 1281px) 1300px, 100vw\" title=\"\"><\/div><h4 class=\"custom-blog-title\"><a href=\"https:\/\/lentuur.ee\/et\/norra-fjordide-kuningriik\/\">Norra \u2013 fjordide kuningriik!<\/a><\/h4><div class=\"custom-blog-details\"><p class=\"custom-blog-date\"><p>19.07 &#8211; 25.07<\/p>\n<\/p><p class=\"custom-blog-category\">Bussireisid<\/p><div class=\"custom-blog-excerpt\">699 \u20ac<\/div><\/div><a href=\"https:\/\/lentuur.ee\/et\/norra-fjordide-kuningriik\/\" class=\"custom-blog-button\">L\u00e4hemalt<\/a><\/div><div class=\"custom-blog-item\"><div class=\"custom-blog-image\"><img loading=\"lazy\" decoding=\"async\" width=\"1200\" height=\"900\" src=\"https:\/\/lentuur.ee\/wp-content\/uploads\/2026\/01\/pexels-trakai-2.jpg\" class=\"attachment-post-thumbnail size-post-thumbnail wp-post-image\" alt=\"\" srcset=\"https:\/\/lentuur.ee\/wp-content\/uploads\/2026\/01\/pexels-trakai-2.jpg 1200w, https:\/\/lentuur.ee\/wp-content\/uploads\/2026\/01\/pexels-trakai-2-980x735.jpg 980w, https:\/\/lentuur.ee\/wp-content\/uploads\/2026\/01\/pexels-trakai-2-480x360.jpg 480w\" sizes=\"(min-width: 0px) and (max-width: 480px) 480px, (min-width: 481px) and (max-width: 980px) 980px, (min-width: 981px) 1200px, 100vw\" title=\"\"><\/div><h4 class=\"custom-blog-title\"><a href=\"https:\/\/lentuur.ee\/et\/leedu-rannak-kaunas-druskininkai-vilnius-2\/\">Leedu r\u00e4nnak: Kaunas \u2014 Druskininkai \u2014 Vilnius!<\/a><\/h4><div class=\"custom-blog-details\"><p class=\"custom-blog-date\"><p>25.07 &#8211; 28.07<\/p>\n<\/p><p class=\"custom-blog-category\">Bussireisid<\/p><div class=\"custom-blog-excerpt\">299 \u20ac<\/div><\/div><a href=\"https:\/\/lentuur.ee\/et\/leedu-rannak-kaunas-druskininkai-vilnius-2\/\" class=\"custom-blog-button\">L\u00e4hemalt<\/a><\/div><div class=\"custom-blog-item\"><div class=\"custom-blog-image\"><img loading=\"lazy\" decoding=\"async\" width=\"2560\" height=\"1706\" src=\"https:\/\/lentuur.ee\/wp-content\/uploads\/2026\/02\/pexels-rakvere-scaled-e1770379925427.jpg\" class=\"attachment-post-thumbnail size-post-thumbnail wp-post-image\" alt=\"\" title=\"\"><\/div><h4 class=\"custom-blog-title\"><a href=\"https:\/\/lentuur.ee\/et\/ruutlite-jalgedes-rakvere-moisad-ja-likoor\/\">R\u00fc\u00fctlite j\u00e4lgedes \u2013 Rakvere, m\u00f5isad ja lik\u00f6\u00f6r!<\/a><\/h4><div class=\"custom-blog-details\"><p class=\"custom-blog-date\"><p>01.08.2026<\/p>\n<\/p><p class=\"custom-blog-category\">Bussireisid<\/p><div class=\"custom-blog-excerpt\">59 \u20ac<\/div><\/div><a href=\"https:\/\/lentuur.ee\/et\/ruutlite-jalgedes-rakvere-moisad-ja-likoor\/\" class=\"custom-blog-button\">L\u00e4hemalt<\/a><\/div><div class=\"custom-blog-item\"><div class=\"custom-blog-image\"><img loading=\"lazy\" decoding=\"async\" width=\"1280\" height=\"721\" src=\"https:\/\/lentuur.ee\/wp-content\/uploads\/2026\/02\/att.grsnj-yiehvu8lkja0vw6xe3o-olwvkus4smbh33hxi.jpg\" class=\"attachment-post-thumbnail size-post-thumbnail wp-post-image\" alt=\"\" srcset=\"https:\/\/lentuur.ee\/wp-content\/uploads\/2026\/02\/att.grsnj-yiehvu8lkja0vw6xe3o-olwvkus4smbh33hxi.jpg 1280w, https:\/\/lentuur.ee\/wp-content\/uploads\/2026\/02\/att.grsnj-yiehvu8lkja0vw6xe3o-olwvkus4smbh33hxi-980x552.jpg 980w, https:\/\/lentuur.ee\/wp-content\/uploads\/2026\/02\/att.grsnj-yiehvu8lkja0vw6xe3o-olwvkus4smbh33hxi-480x270.jpg 480w\" sizes=\"(min-width: 0px) and (max-width: 480px) 480px, (min-width: 481px) and (max-width: 980px) 980px, (min-width: 981px) 1280px, 100vw\" title=\"\"><\/div><h4 class=\"custom-blog-title\"><a href=\"https:\/\/lentuur.ee\/et\/setu-kuninga-pidu-ja-lati-losside-kaelakee\/\">Setu kuninga pidu ja L\u00e4ti losside kaelakee!<\/a><\/h4><div class=\"custom-blog-details\"><p class=\"custom-blog-date\"><p>01.08 &#8211; 02.08<\/p>\n<\/p><p class=\"custom-blog-category\">Bussireisid<\/p><div class=\"custom-blog-excerpt\">159 \u20ac<\/div><\/div><a href=\"https:\/\/lentuur.ee\/et\/setu-kuninga-pidu-ja-lati-losside-kaelakee\/\" class=\"custom-blog-button\">L\u00e4hemalt<\/a><\/div><div class=\"custom-blog-item\"><div class=\"custom-blog-image\"><img loading=\"lazy\" decoding=\"async\" width=\"1380\" height=\"760\" src=\"https:\/\/lentuur.ee\/wp-content\/uploads\/2026\/01\/istock-bergen.jpg\" class=\"attachment-post-thumbnail size-post-thumbnail wp-post-image\" alt=\"\" srcset=\"https:\/\/lentuur.ee\/wp-content\/uploads\/2026\/01\/istock-bergen.jpg 1380w, https:\/\/lentuur.ee\/wp-content\/uploads\/2026\/01\/istock-bergen-1280x705.jpg 1280w, https:\/\/lentuur.ee\/wp-content\/uploads\/2026\/01\/istock-bergen-980x540.jpg 980w, https:\/\/lentuur.ee\/wp-content\/uploads\/2026\/01\/istock-bergen-480x264.jpg 480w\" sizes=\"(min-width: 0px) and (max-width: 480px) 480px, (min-width: 481px) and (max-width: 980px) 980px, (min-width: 981px) and (max-width: 1280px) 1280px, (min-width: 1281px) 1380px, 100vw\" title=\"\"><\/div><h4 class=\"custom-blog-title\"><a href=\"https:\/\/lentuur.ee\/et\/norra-fjordide-kuningriik-3\/\">Norra \u2013 fjordide kuningriik!<\/a><\/h4><div class=\"custom-blog-details\"><p class=\"custom-blog-date\"><p>10.08 &#8211; 16.08<\/p>\n<\/p><p class=\"custom-blog-category\">Bussireisid<\/p><div class=\"custom-blog-excerpt\">699 \u20ac<\/div><\/div><a href=\"https:\/\/lentuur.ee\/et\/norra-fjordide-kuningriik-3\/\" class=\"custom-blog-button\">L\u00e4hemalt<\/a><\/div><div class=\"custom-blog-item\"><div class=\"custom-blog-image\"><img loading=\"lazy\" decoding=\"async\" width=\"1258\" height=\"833\" src=\"https:\/\/lentuur.ee\/wp-content\/uploads\/2026\/01\/istock-vormsi.jpg\" class=\"attachment-post-thumbnail size-post-thumbnail wp-post-image\" alt=\"\" srcset=\"https:\/\/lentuur.ee\/wp-content\/uploads\/2026\/01\/istock-vormsi.jpg 1258w, https:\/\/lentuur.ee\/wp-content\/uploads\/2026\/01\/istock-vormsi-980x649.jpg 980w, https:\/\/lentuur.ee\/wp-content\/uploads\/2026\/01\/istock-vormsi-480x318.jpg 480w\" sizes=\"(min-width: 0px) and (max-width: 480px) 480px, (min-width: 481px) and (max-width: 980px) 980px, (min-width: 981px) 1258px, 100vw\" title=\"\"><\/div><h4 class=\"custom-blog-title\"><a href=\"https:\/\/lentuur.ee\/et\/uus-vormsi-saar-labi-aja-ja-ruumi\/\">UUS! Vormsi saar: l\u00e4bi aja ja ruumi!<\/a><\/h4><div class=\"custom-blog-details\"><p class=\"custom-blog-date\"><p>15.08.2026<\/p>\n<\/p><p class=\"custom-blog-category\">Bussireisid<\/p><div class=\"custom-blog-excerpt\">69 \u20ac<\/div><\/div><a href=\"https:\/\/lentuur.ee\/et\/uus-vormsi-saar-labi-aja-ja-ruumi\/\" class=\"custom-blog-button\">L\u00e4hemalt<\/a><\/div><div class=\"custom-blog-item\"><div class=\"custom-blog-image\"><img loading=\"lazy\" decoding=\"async\" width=\"1263\" height=\"831\" src=\"https:\/\/lentuur.ee\/wp-content\/uploads\/2026\/01\/istock-palanga.jpg\" class=\"attachment-post-thumbnail size-post-thumbnail wp-post-image\" alt=\"\" srcset=\"https:\/\/lentuur.ee\/wp-content\/uploads\/2026\/01\/istock-palanga.jpg 1263w, https:\/\/lentuur.ee\/wp-content\/uploads\/2026\/01\/istock-palanga-980x645.jpg 980w, https:\/\/lentuur.ee\/wp-content\/uploads\/2026\/01\/istock-palanga-480x316.jpg 480w\" sizes=\"(min-width: 0px) and (max-width: 480px) 480px, (min-width: 481px) and (max-width: 980px) 980px, (min-width: 981px) 1263px, 100vw\" title=\"\"><\/div><h4 class=\"custom-blog-title\"><a href=\"https:\/\/lentuur.ee\/et\/palanga-baltikumi-parl\/\">Palanga \u2013 Baltikumi p\u00e4rl!<\/a><\/h4><div class=\"custom-blog-details\"><p class=\"custom-blog-date\"><p>16.08 &#8211; 20.08<\/p>\n<\/p><p class=\"custom-blog-category\">Bussireisid<\/p><div class=\"custom-blog-excerpt\">449 \u20ac<\/div><\/div><a href=\"https:\/\/lentuur.ee\/et\/palanga-baltikumi-parl\/\" class=\"custom-blog-button\">L\u00e4hemalt<\/a><\/div><\/div>\n<p>[\/et_pb_text][\/et_pb_column][\/et_pb_row][\/et_pb_section]<\/p>\n","protected":false},"excerpt":{"rendered":"<p>[et_pb_section fb_built=&#8221;1&#8243; _builder_version=&#8221;4.27.3&#8243; _module_preset=&#8221;default&#8221; custom_padding=&#8221;0px||||false|false&#8221; global_colors_info=&#8221;{}&#8221;][et_pb_row _builder_version=&#8221;4.27.3&#8243; _module_preset=&#8221;default&#8221; global_colors_info=&#8221;{}&#8221;][et_pb_column type=&#8221;4_4&#8243; _builder_version=&#8221;4.27.3&#8243; _module_preset=&#8221;default&#8221; global_colors_info=&#8221;{}&#8221;][et_pb_text _builder_version=&#8221;4.27.4&#8243; _module_preset=&#8221;default&#8221; text_orientation=&#8221;center&#8221; global_colors_info=&#8221;{}&#8221;] Bussireisid Avastage uusi paiku meie mugavate bussireisidega. Oleme v\u00e4lja t\u00f6\u00f6tanud unikaalsed marsruudid, mis \u00fchendavad elamusterohked kogemused, mugavad s\u00f5idud ja tiheda programmi. Iga reis on detailideni l\u00e4bi m\u00f5eldud, et muuta teie reis meeldej\u00e4\u00e4vaks.[\/et_pb_text][\/et_pb_column][\/et_pb_row][et_pb_row _builder_version=&#8221;4.27.4&#8243; _module_preset=&#8221;default&#8221; hover_enabled=&#8221;0&#8243; global_colors_info=&#8221;{}&#8221; custom_padding=&#8221;0px||||false|false&#8221; sticky_enabled=&#8221;0&#8243;][et_pb_column [&hellip;]<\/p>\n","protected":false},"author":2,"featured_media":0,"parent":0,"menu_order":0,"comment_status":"closed","ping_status":"closed","template":"","meta":{"_acf_changed":false,"_et_pb_use_builder":"on","_et_pb_old_content":"[et_pb_section fb_built=\"1\" _builder_version=\"4.27.3\" _module_preset=\"default\" custom_padding=\"0px||||false|false\" global_colors_info=\"{}\" theme_builder_area=\"post_content\"][et_pb_row _builder_version=\"4.27.3\" _module_preset=\"default\" global_colors_info=\"{}\" theme_builder_area=\"post_content\"][et_pb_column type=\"4_4\" _builder_version=\"4.27.3\" _module_preset=\"default\" global_colors_info=\"{}\" theme_builder_area=\"post_content\"][et_pb_text _builder_version=\"4.27.4\" _module_preset=\"default\" text_orientation=\"center\" hover_enabled=\"0\" global_colors_info=\"{}\" theme_builder_area=\"post_content\" sticky_enabled=\"0\"]<h1>\u0410\u0432\u0442\u043e\u0431\u0443\u0441\u043d\u044b\u0435 \u0442\u0443\u0440\u044b<\/h1>\r\n\u041e\u0442\u043a\u0440\u043e\u0439\u0442\u0435 \u0434\u043b\u044f \u0441\u0435\u0431\u044f \u043d\u043e\u0432\u044b\u0435 \u043c\u0435\u0441\u0442\u0430 \u0441 \u043a\u043e\u043c\u0444\u043e\u0440\u0442\u043e\u043c \u0438 \u0443\u0434\u043e\u0431\u0441\u0442\u0432\u043e\u043c \u043d\u0430\u0448\u0438\u0445 \u0430\u0432\u0442\u043e\u0431\u0443\u0441\u043d\u044b\u0445 \u0442\u0443\u0440\u043e\u0432. \u041c\u044b \u0440\u0430\u0437\u0440\u0430\u0431\u043e\u0442\u0430\u043b\u0438 \u0443\u043d\u0438\u043a\u0430\u043b\u044c\u043d\u044b\u0435 \u043c\u0430\u0440\u0448\u0440\u0443\u0442\u044b, \u0441\u043e\u0447\u0435\u0442\u0430\u044e\u0449\u0438\u0435 \u0432 \u0441\u0435\u0431\u0435 \u044f\u0440\u043a\u0438\u0435 \u0432\u043f\u0435\u0447\u0430\u0442\u043b\u0435\u043d\u0438\u044f, \u043a\u043e\u043c\u0444\u043e\u0440\u0442\u043d\u044b\u0435 \u043f\u0435\u0440\u0435\u0435\u0437\u0434\u044b \u0438 \u043d\u0430\u0441\u044b\u0449\u0435\u043d\u043d\u0443\u044e \u043f\u0440\u043e\u0433\u0440\u0430\u043c\u043c\u0443. \u041a\u0430\u0436\u0434\u0430\u044f \u043f\u043e\u0435\u0437\u0434\u043a\u0430 \u043f\u0440\u043e\u0434\u0443\u043c\u0430\u043d\u0430 \u0434\u043e \u043c\u0435\u043b\u043e\u0447\u0435\u0439, \u0447\u0442\u043e\u0431\u044b \u0432\u0430\u0448\u0435 \u043f\u0443\u0442\u0435\u0448\u0435\u0441\u0442\u0432\u0438\u0435 \u0431\u044b\u043b\u043e \u043d\u0435\u0437\u0430\u0431\u044b\u0432\u0430\u0435\u043c\u044b\u043c.[\/et_pb_text][\/et_pb_column][\/et_pb_row][et_pb_row _builder_version=\"4.27.3\" _module_preset=\"default\" global_colors_info=\"{}\" theme_builder_area=\"post_content\"][et_pb_column type=\"4_4\" _builder_version=\"4.27.3\" _module_preset=\"default\" global_colors_info=\"{}\" theme_builder_area=\"post_content\"][et_pb_text module_class=\"all-grid\" _builder_version=\"4.27.4\" _module_preset=\"default\" hover_enabled=\"0\" global_colors_info=\"{}\" theme_builder_area=\"post_content\" sticky_enabled=\"0\"]<p>[custom_blog id=\"4\" posts_per_page=\"100\"]<\/p>[\/et_pb_text][\/et_pb_column][\/et_pb_row][\/et_pb_section]","_et_gb_content_width":"","footnotes":""},"dipi_cpt_category":[],"class_list":["post-816","page","type-page","status-publish","hentry"],"acf":[],"_links":{"self":[{"href":"https:\/\/lentuur.ee\/et\/wp-json\/wp\/v2\/pages\/816","targetHints":{"allow":["GET"]}}],"collection":[{"href":"https:\/\/lentuur.ee\/et\/wp-json\/wp\/v2\/pages"}],"about":[{"href":"https:\/\/lentuur.ee\/et\/wp-json\/wp\/v2\/types\/page"}],"author":[{"embeddable":true,"href":"https:\/\/lentuur.ee\/et\/wp-json\/wp\/v2\/users\/2"}],"replies":[{"embeddable":true,"href":"https:\/\/lentuur.ee\/et\/wp-json\/wp\/v2\/comments?post=816"}],"version-history":[{"count":4,"href":"https:\/\/lentuur.ee\/et\/wp-json\/wp\/v2\/pages\/816\/revisions"}],"predecessor-version":[{"id":1274,"href":"https:\/\/lentuur.ee\/et\/wp-json\/wp\/v2\/pages\/816\/revisions\/1274"}],"wp:attachment":[{"href":"https:\/\/lentuur.ee\/et\/wp-json\/wp\/v2\/media?parent=816"}],"wp:term":[{"taxonomy":"dipi_cpt_category","embeddable":true,"href":"https:\/\/lentuur.ee\/et\/wp-json\/wp\/v2\/dipi_cpt_category?post=816"}],"curies":[{"name":"wp","href":"https:\/\/api.w.org\/{rel}","templated":true}]}}